{"id":7827,"date":"2019-09-20T10:20:02","date_gmt":"2019-09-20T08:20:02","guid":{"rendered":""},"modified":"2026-03-05T20:14:06","modified_gmt":"2026-03-05T19:14:06","slug":"designing-freelance-2","status":"publish","type":"page","link":"https:\/\/ara-france.fr\/?page_id=7827","title":{"rendered":"Boutique_ara"},"content":{"rendered":"\t\t<div data-elementor-type=\"wp-page\" data-elementor-id=\"7827\" class=\"elementor elementor-7827\">\n\t\t\t\t\t\t\t\t\t<section class=\"elementor-section elementor-top-section elementor-element elementor-element-e1573db elementor-section-boxed elementor-section-gap-beside-yes elementor-section-height-default elementor-section-height-default elementor-section-column-vertical-align-stretch\" data-id=\"e1573db\" data-element_type=\"section\">\n\t\t\t\t\t\t<div class=\"elementor-container elementor-column-gap-extended\">\n\t\t\t\t\t<div class=\"elementor-column elementor-col-100 elementor-top-column elementor-element elementor-element-e85cf2c\" data-id=\"e85cf2c\" data-element_type=\"column\">\n\t\t\t<div class=\"elementor-widget-wrap elementor-element-populated\">\n\t\t\t\t\t\t\t\t<div class=\"elementor-element elementor-element-b5be406 elementor-widget elementor-widget-spacer\" data-id=\"b5be406\" data-element_type=\"widget\" data-widget_type=\"spacer.default\">\n\t\t\t\t<div class=\"elementor-widget-container\">\n\t\t\t<style>\/*! elementor - v3.7.4 - 31-08-2022 *\/\n.elementor-column .elementor-spacer-inner{height:var(--spacer-size)}.e-container{--container-widget-width:100%}.e-container>.elementor-widget-spacer{width:var(--container-widget-width,var(--spacer-size));-ms-flex-item-align:stretch;align-self:stretch;-ms-flex-negative:0;flex-shrink:0}.e-container>.elementor-widget-spacer>.elementor-widget-container,.e-container>.elementor-widget-spacer>.elementor-widget-container>.elementor-spacer{height:100%}.e-container>.elementor-widget-spacer>.elementor-widget-container>.elementor-spacer>.elementor-spacer-inner{height:var(--container-widget-height,var(--spacer-size))}<\/style>\t\t<div class=\"elementor-spacer\">\n\t\t\t<div class=\"elementor-spacer-inner\"><\/div>\n\t\t<\/div>\n\t\t\t\t<\/div>\n\t\t\t\t<\/div>\n\t\t\t\t\t<\/div>\n\t\t<\/div>\n\t\t\t\t\t\t\t<\/div>\n\t\t<\/section>\n\t\t\t\t<section class=\"elementor-section elementor-top-section elementor-element elementor-element-aede386 elementor-section-boxed elementor-section-gap-beside-yes elementor-section-height-default elementor-section-height-default elementor-section-column-vertical-align-stretch\" data-id=\"aede386\" data-element_type=\"section\">\n\t\t\t\t\t\t<div class=\"elementor-container elementor-column-gap-extended\">\n\t\t\t\t\t<div class=\"elementor-column elementor-col-100 elementor-top-column elementor-element elementor-element-6f27e06 elementor-invisible\" data-id=\"6f27e06\" data-element_type=\"column\" data-settings=\"{&quot;animation&quot;:&quot;billyFadeInUp&quot;}\">\n\t\t\t<div class=\"elementor-widget-wrap elementor-element-populated\">\n\t\t\t\t\t\t\t\t<div class=\"elementor-element elementor-element-709fc4b billey-view-default elementor-widget elementor-widget-tm-icon\" data-id=\"709fc4b\" data-element_type=\"widget\" data-widget_type=\"tm-icon.default\">\n\t\t\t\t<div class=\"elementor-widget-container\">\n\t\t\t\t\t<div class=\"tm-icon\">\t\t\t\t<div class=\"billey-icon-wrap\">\n\t\t\t<div class=\"billey-icon-view first\">\n\t\t\t\t<div class=\"billey-icon-view-inner\">\n\t\t\t\t\t<div class=\"billey-icon icon billey-svg-icon billey-solid-icon\">\n\t\t\t\t\t\t<svg xmlns=\"http:\/\/www.w3.org\/2000\/svg\" xmlns:xlink=\"http:\/\/www.w3.org\/1999\/xlink\" id=\"Calque_1\" x=\"0px\" y=\"0px\" viewBox=\"0 0 595.28 561.35\" style=\"enable-background:new 0 0 595.28 561.35;\" xml:space=\"preserve\"><style type=\"text\/css\">\t.st0{fill:#C74D45;}<\/style><path class=\"st0\" d=\"M282.29,355.82c0,47.23,0,94.46,0,141.69c0,0.91,0.03,1.83-0.04,2.74c-0.56,7.41-7.08,11.37-13.91,8.44 c-6.78-2.91-13.5-5.94-20.32-8.73c-34.96-14.28-71.11-24.39-108.37-30.5c-26.49-4.34-53.17-6.57-80.02-6.59 c-8.16-0.01-13.14-4.99-13.14-13.2c0-95.04,0-190.08,0.01-285.12c0-6.9,3.47-11.74,9.5-13.11c1.35-0.31,2.8-0.29,4.2-0.29 c56.22,0.1,110.83,9.7,163.92,28.07c16.69,5.77,32.96,12.57,49,19.94c6.34,2.92,9.22,7.56,9.21,14.48 C282.26,261.03,282.29,308.42,282.29,355.82z\"><\/path><path class=\"st0\" d=\"M310.56,355.57c0-47.15,0.05-94.3-0.05-141.44c-0.02-7.34,2.96-12.06,9.68-15.18 c38.97-18.11,79.53-31.26,121.76-39.17c30.07-5.63,60.41-8.6,91.02-8.6c8.31,0,13.39,5.01,13.39,13.28 c0.01,94.88-0.04,189.75,0.08,284.63c0.01,8.07-5.41,13.93-13.89,13.89c-29.93-0.16-59.61,2.8-89.06,8.2 c-40.86,7.49-80.17,19.86-117.99,37.01c-8.25,3.74-14.92-0.59-14.93-9.68C310.55,450.86,310.56,403.22,310.56,355.57z\"><\/path><path class=\"st0\" d=\"M517.58,119.9c0.13,4.73-2.02,6.86-6.25,7.16c-5.54,0.38-11.09,0.67-16.64,1.07 c-15.88,1.13-31.65,3.17-47.36,5.8c-25.2,4.22-49.93,10.3-74.25,18.1c-14.75,4.73-29.24,10.15-43.54,16.12 c-0.46,0.19-0.93,0.35-1.38,0.57c-0.92,0.44-1.67,0.19-2.11-0.65c-0.48-0.91,0.04-1.57,0.83-2.05c2.62-1.6,5.21-3.24,7.85-4.8 c40.51-23.95,83.3-42.55,128.82-54.67c14.5-3.86,29.16-6.95,44.03-9.03c2.98-0.42,5.79,1.03,6.41,3.86 C515.42,107.85,516.53,114.39,517.58,119.9z\"><\/path><path class=\"st0\" d=\"M75.19,120.01c1.05-5.56,2.16-12.1,3.58-18.56c0.68-3.07,3.45-4.41,6.81-3.93 c17.17,2.46,34.05,6.25,50.72,10.99c45.55,12.97,88.33,32.22,128.7,56.92c0.93,0.57,2.41,1.01,1.68,2.55 c-0.72,1.52-1.97,0.75-3.01,0.31c-28.38-11.98-57.57-21.45-87.6-28.34c-18.83-4.32-37.84-7.64-57.04-9.87 c-12.28-1.43-24.59-2.47-36.95-3.03C77.39,126.83,75.06,124.71,75.19,120.01z\"><\/path><path class=\"st0\" d=\"M132.55,53.57c1.11-0.05,2.11,0.39,3.12,0.76c31.13,11.15,60.17,26.47,87.95,44.25 c19.66,12.58,38.32,26.52,56.1,41.64c0.44,0.38,0.9,0.74,1.32,1.14c0.95,0.91,1.3,1.96,0.46,3.09c-0.84,1.13-1.99,1.11-3.11,0.49 c-1.38-0.76-2.7-1.62-4.05-2.44c-46.04-28.05-95.21-48.64-147.51-61.75c-6.01-1.51-7.37-4.24-5.02-10.04 c1.77-4.37,3.51-8.76,5.32-13.12C128.25,54.89,130.1,53.57,132.55,53.57z\"><\/path><path class=\"st0\" d=\"M472.18,74.62c0.06,2.83-1.59,4.84-4.86,5.75c-7.1,1.97-14.24,3.79-21.31,5.84 c-45.74,13.32-88.86,32.58-129.48,57.44c-1.46,0.89-3.17,2.77-4.75,0.64c-1.68-2.27,0.72-3.34,2.08-4.5 c30.3-25.79,63.05-47.96,98.53-66.01c14.55-7.4,29.43-14.07,44.87-19.43c4.47-1.55,6.91-0.49,8.69,3.82 c1.86,4.51,3.67,9.05,5.49,13.59C471.81,72.67,472.23,73.59,472.18,74.62z\"><\/path><\/svg>\t\t\t\t\t<\/div>\n\t\t\t\t<\/div>\n\t\t\t<\/div>\n\n\t\t\t\t\t<\/div>\n\t\t\t\t<\/div>\t\t\t\t<\/div>\n\t\t\t\t<\/div>\n\t\t\t\t<div class=\"elementor-element elementor-element-199215f billey-link-animate-border elementor-widget elementor-widget-tm-heading\" data-id=\"199215f\" data-element_type=\"widget\" data-widget_type=\"tm-heading.default\">\n\t\t\t\t<div class=\"elementor-widget-container\">\n\t\t\t\t\t<div class=\"tm-modern-heading\">\n\t\t\t\n\t\t\t\t\t<div class=\"heading-primary-wrap\">\n\t\t\t<h2 class=\"heading-primary elementor-heading-title\">Pour commander nos catalogues d\u2019expositions, envoyez un mail <br>\n\u00e0 <a href=\"mailto:contact@ara-france.fr\"><mark>contact@ara-france.fr<\/mark><\/a> \n<\/h2>\t\t<\/div>\n\t\t\n\t\t\t\n\t\t\t\t\t<div class=\"heading-description-wrap\">\n\t\t\t<div class=\"heading-description\">\n\t\t\t\t<div><strong>France<\/strong> : paiement par virement bancaire de pr\u00e9f\u00e9rence <br \/>ou par ch\u00e8que bancaire | Frais de port 15 euros<\/div><div><div><strong>International<\/strong> : paiement par virement bancaire<br \/>uniquement | Frais de port 20 euros<\/div><\/div>\t\t\t<\/div>\n\t\t<\/div>\n\t\t\t<\/div>\n\t\t\t\t<\/div>\n\t\t\t\t<\/div>\n\t\t\t\t\t<\/div>\n\t\t<\/div>\n\t\t\t\t\t\t\t<\/div>\n\t\t<\/section>\n\t\t\t\t<section class=\"elementor-section elementor-top-section elementor-element elementor-element-9175765 elementor-section-boxed elementor-section-gap-beside-yes elementor-section-height-default elementor-section-height-default elementor-section-column-vertical-align-stretch\" data-id=\"9175765\" data-element_type=\"section\">\n\t\t\t\t\t\t<div class=\"elementor-container elementor-column-gap-extended\">\n\t\t\t\t\t<div class=\"elementor-column elementor-col-100 elementor-top-column elementor-element elementor-element-4a7ea5b\" data-id=\"4a7ea5b\" data-element_type=\"column\">\n\t\t\t<div class=\"elementor-widget-wrap elementor-element-populated\">\n\t\t\t\t\t\t\t\t<section class=\"elementor-section elementor-inner-section elementor-element elementor-element-03eb04f elementor-section-gap-beside-no elementor-section-column-vertical-align-top elementor-section-boxed elementor-section-height-default elementor-section-height-default\" data-id=\"03eb04f\" data-element_type=\"section\">\n\t\t\t\t\t\t<div class=\"elementor-container elementor-column-gap-extended\">\n\t\t\t\t\t<div class=\"elementor-column elementor-col-33 elementor-inner-column elementor-element elementor-element-a5c85d8 elementor-invisible\" data-id=\"a5c85d8\" data-element_type=\"column\" data-settings=\"{&quot;background_background&quot;:&quot;classic&quot;,&quot;animation&quot;:&quot;billyFadeInUp&quot;}\">\n\t\t\t<div class=\"elementor-widget-wrap elementor-element-populated\">\n\t\t\t\t\t\t\t\t<div class=\"elementor-element elementor-element-9281e86 elementor-widget elementor-widget-image\" data-id=\"9281e86\" data-element_type=\"widget\" data-widget_type=\"image.default\">\n\t\t\t\t<div class=\"elementor-widget-container\">\n\t\t\t<style>\/*! elementor - v3.7.4 - 31-08-2022 *\/\n.elementor-widget-image{text-align:center}.elementor-widget-image a{display:inline-block}.elementor-widget-image a img[src$=\".svg\"]{width:48px}.elementor-widget-image img{vertical-align:middle;display:inline-block}<\/style>\t\t\t\t\t\t\t\t\t\t\t\t<img loading=\"lazy\" decoding=\"async\" width=\"640\" height=\"558\" src=\"https:\/\/ara-france.fr\/wp-content\/uploads\/2026\/03\/ContesEtLegendes-1024x892.png\" class=\"attachment-large size-large\" alt=\"\" srcset=\"https:\/\/ara-france.fr\/wp-content\/uploads\/2026\/03\/ContesEtLegendes-1024x892.png 1024w, https:\/\/ara-france.fr\/wp-content\/uploads\/2026\/03\/ContesEtLegendes-300x261.png 300w, https:\/\/ara-france.fr\/wp-content\/uploads\/2026\/03\/ContesEtLegendes-768x669.png 768w, https:\/\/ara-france.fr\/wp-content\/uploads\/2026\/03\/ContesEtLegendes-600x523.png 600w, https:\/\/ara-france.fr\/wp-content\/uploads\/2026\/03\/ContesEtLegendes.png 1382w\" sizes=\"auto, (max-width: 640px) 100vw, 640px\" \/>\t\t\t\t\t\t\t\t\t\t\t\t\t\t\t<\/div>\n\t\t\t\t<\/div>\n\t\t\t\t<div class=\"elementor-element elementor-element-2e01ec0 elementor-widget elementor-widget-tm-heading\" data-id=\"2e01ec0\" data-element_type=\"widget\" data-widget_type=\"tm-heading.default\">\n\t\t\t\t<div class=\"elementor-widget-container\">\n\t\t\t\t\t<div class=\"tm-modern-heading\">\n\t\t\t\n\t\t\t\t\t<div class=\"heading-primary-wrap\">\n\t\t\t<h2 class=\"heading-primary elementor-heading-title\"><mark>Contes & L\u00e9gendes<\/mark><\/h2>\t\t<\/div>\n\t\t\n\t\t\t\n\t\t\t\t\t<\/div>\n\t\t\t\t<\/div>\n\t\t\t\t<\/div>\n\t\t\t\t<div class=\"elementor-element elementor-element-c615761 elementor-widget elementor-widget-tm-heading\" data-id=\"c615761\" data-element_type=\"widget\" data-widget_type=\"tm-heading.default\">\n\t\t\t\t<div class=\"elementor-widget-container\">\n\t\t\t\t\t<div class=\"tm-modern-heading\">\n\t\t\t\n\t\t\t\t\t<div class=\"heading-primary-wrap\">\n\t\t\t<h2 class=\"heading-primary elementor-heading-title\">20\u20ac<\/h2>\t\t<\/div>\n\t\t\n\t\t\t\n\t\t\t\t\t<div class=\"heading-description-wrap\">\n\t\t\t<div class=\"heading-description\">\n\t\t\t\t<p>\u00a0<\/p><p>2026 \u2013 Mairie du 6<sup>\u00e8me<\/sup>, Paris<\/p>\t\t\t<\/div>\n\t\t<\/div>\n\t\t\t<\/div>\n\t\t\t\t<\/div>\n\t\t\t\t<\/div>\n\t\t\t\t\t<\/div>\n\t\t<\/div>\n\t\t\t\t<div class=\"elementor-column elementor-col-33 elementor-inner-column elementor-element elementor-element-9b6c68b elementor-invisible\" data-id=\"9b6c68b\" data-element_type=\"column\" data-settings=\"{&quot;background_background&quot;:&quot;classic&quot;,&quot;animation&quot;:&quot;billyFadeInUp&quot;}\">\n\t\t\t<div class=\"elementor-widget-wrap elementor-element-populated\">\n\t\t\t\t\t\t\t\t<div class=\"elementor-element elementor-element-828e8d6 elementor-widget elementor-widget-image\" data-id=\"828e8d6\" data-element_type=\"widget\" data-widget_type=\"image.default\">\n\t\t\t\t<div class=\"elementor-widget-container\">\n\t\t\t\t\t\t\t\t\t\t\t\t\t\t\t<img loading=\"lazy\" decoding=\"async\" width=\"462\" height=\"666\" src=\"https:\/\/ara-france.fr\/wp-content\/uploads\/2023\/10\/Catalogue2023.jpg\" class=\"attachment-large size-large\" alt=\"\" srcset=\"https:\/\/ara-france.fr\/wp-content\/uploads\/2023\/10\/Catalogue2023.jpg 462w, https:\/\/ara-france.fr\/wp-content\/uploads\/2023\/10\/Catalogue2023-208x300.jpg 208w\" sizes=\"auto, (max-width: 462px) 100vw, 462px\" \/>\t\t\t\t\t\t\t\t\t\t\t\t\t\t\t<\/div>\n\t\t\t\t<\/div>\n\t\t\t\t<div class=\"elementor-element elementor-element-83ba815 elementor-widget elementor-widget-tm-heading\" data-id=\"83ba815\" data-element_type=\"widget\" data-widget_type=\"tm-heading.default\">\n\t\t\t\t<div class=\"elementor-widget-container\">\n\t\t\t\t\t<div class=\"tm-modern-heading\">\n\t\t\t\n\t\t\t\t\t<div class=\"heading-primary-wrap\">\n\t\t\t<h2 class=\"heading-primary elementor-heading-title\"><mark>Livres en mains - Petits formats reli\u00e9s<\/mark><\/h2>\t\t<\/div>\n\t\t\n\t\t\t\n\t\t\t\t\t<\/div>\n\t\t\t\t<\/div>\n\t\t\t\t<\/div>\n\t\t\t\t<div class=\"elementor-element elementor-element-57698f3 elementor-widget elementor-widget-tm-heading\" data-id=\"57698f3\" data-element_type=\"widget\" data-widget_type=\"tm-heading.default\">\n\t\t\t\t<div class=\"elementor-widget-container\">\n\t\t\t\t\t<div class=\"tm-modern-heading\">\n\t\t\t\n\t\t\t\t\t<div class=\"heading-primary-wrap\">\n\t\t\t<h2 class=\"heading-primary elementor-heading-title\">Epuis\u00e9<\/h2>\t\t<\/div>\n\t\t\n\t\t\t\n\t\t\t\t\t<div class=\"heading-description-wrap\">\n\t\t\t<div class=\"heading-description\">\n\t\t\t\t<p>\u00a0<\/p><p>2023 \u2013 Mairie du 6<sup>\u00e8me<\/sup>, Paris<\/p>\t\t\t<\/div>\n\t\t<\/div>\n\t\t\t<\/div>\n\t\t\t\t<\/div>\n\t\t\t\t<\/div>\n\t\t\t\t\t<\/div>\n\t\t<\/div>\n\t\t\t\t<div class=\"elementor-column elementor-col-33 elementor-inner-column elementor-element elementor-element-84a2229 elementor-invisible\" data-id=\"84a2229\" data-element_type=\"column\" data-settings=\"{&quot;background_background&quot;:&quot;classic&quot;,&quot;animation&quot;:&quot;billyFadeInUp&quot;}\">\n\t\t\t<div class=\"elementor-widget-wrap elementor-element-populated\">\n\t\t\t\t\t\t\t\t<div class=\"elementor-element elementor-element-a7f9512 elementor-widget elementor-widget-image\" data-id=\"a7f9512\" data-element_type=\"widget\" data-widget_type=\"image.default\">\n\t\t\t\t<div class=\"elementor-widget-container\">\n\t\t\t\t\t\t\t\t\t\t\t\t\t\t\t<img loading=\"lazy\" decoding=\"async\" width=\"640\" height=\"556\" src=\"https:\/\/ara-france.fr\/wp-content\/uploads\/2022\/09\/hommage-1024x889.jpg\" class=\"attachment-large size-large\" alt=\"\" srcset=\"https:\/\/ara-france.fr\/wp-content\/uploads\/2022\/09\/hommage-1024x889.jpg 1024w, https:\/\/ara-france.fr\/wp-content\/uploads\/2022\/09\/hommage-scaled-600x521.jpg 600w, https:\/\/ara-france.fr\/wp-content\/uploads\/2022\/09\/hommage-300x260.jpg 300w, https:\/\/ara-france.fr\/wp-content\/uploads\/2022\/09\/hommage-768x667.jpg 768w, https:\/\/ara-france.fr\/wp-content\/uploads\/2022\/09\/hommage-1536x1334.jpg 1536w, https:\/\/ara-france.fr\/wp-content\/uploads\/2022\/09\/hommage-2048x1778.jpg 2048w\" sizes=\"auto, (max-width: 640px) 100vw, 640px\" \/>\t\t\t\t\t\t\t\t\t\t\t\t\t\t\t<\/div>\n\t\t\t\t<\/div>\n\t\t\t\t<div class=\"elementor-element elementor-element-a8f8b4c elementor-widget elementor-widget-tm-heading\" data-id=\"a8f8b4c\" data-element_type=\"widget\" data-widget_type=\"tm-heading.default\">\n\t\t\t\t<div class=\"elementor-widget-container\">\n\t\t\t\t\t<div class=\"tm-modern-heading\">\n\t\t\t\n\t\t\t\t\t<div class=\"heading-primary-wrap\">\n\t\t\t<h2 class=\"heading-primary elementor-heading-title\"><mark>Hommage aux \u00e9crivains de la Grande Guerre<\/mark><\/h2>\t\t<\/div>\n\t\t\n\t\t\t\n\t\t\t\t\t<\/div>\n\t\t\t\t<\/div>\n\t\t\t\t<\/div>\n\t\t\t\t<div class=\"elementor-element elementor-element-334dbfb elementor-widget elementor-widget-tm-heading\" data-id=\"334dbfb\" data-element_type=\"widget\" data-widget_type=\"tm-heading.default\">\n\t\t\t\t<div class=\"elementor-widget-container\">\n\t\t\t\t\t<div class=\"tm-modern-heading\">\n\t\t\t\n\t\t\t\t\t<div class=\"heading-primary-wrap\">\n\t\t\t<h2 class=\"heading-primary elementor-heading-title\">10\u20ac<\/h2>\t\t<\/div>\n\t\t\n\t\t\t\n\t\t\t\t\t<div class=\"heading-description-wrap\">\n\t\t\t<div class=\"heading-description\">\n\t\t\t\t<p>La Grande Guerre a profond\u00e9ment marqu\u00e9 toute une g\u00e9n\u00e9ration d\u2019intellectuels, d\u2019\u00e9crivains et d\u2019artistes. En 2018, pour comm\u00e9morer leur souvenir, ARA a souhait\u00e9 s\u2019associer aux c\u00e9l\u00e9brations du centenaire de la Premi\u00e8re Guerre Mondiale. L\u2019exposition est une invitation \u00e0 red\u00e9couvrir les auteurs et les chefs-d\u2019\u0153uvre de la litt\u00e9rature de cette p\u00e9riode.<\/p><p>2019 \u2013 Mairie du 6<sup>\u00e8me<\/sup>, Paris<\/p>\t\t\t<\/div>\n\t\t<\/div>\n\t\t\t<\/div>\n\t\t\t\t<\/div>\n\t\t\t\t<\/div>\n\t\t\t\t\t<\/div>\n\t\t<\/div>\n\t\t\t\t\t\t\t<\/div>\n\t\t<\/section>\n\t\t\t\t<section class=\"elementor-section elementor-inner-section elementor-element elementor-element-eb6d146 elementor-section-gap-beside-no elementor-section-column-vertical-align-top elementor-section-boxed elementor-section-height-default elementor-section-height-default\" data-id=\"eb6d146\" data-element_type=\"section\">\n\t\t\t\t\t\t<div class=\"elementor-container elementor-column-gap-extended\">\n\t\t\t\t\t<div class=\"elementor-column elementor-col-33 elementor-inner-column elementor-element elementor-element-30c6690 elementor-invisible\" data-id=\"30c6690\" data-element_type=\"column\" data-settings=\"{&quot;background_background&quot;:&quot;classic&quot;,&quot;animation&quot;:&quot;billyFadeInUp&quot;}\">\n\t\t\t<div class=\"elementor-widget-wrap elementor-element-populated\">\n\t\t\t\t\t\t\t\t<div class=\"elementor-element elementor-element-71fa2ab elementor-widget elementor-widget-image\" data-id=\"71fa2ab\" data-element_type=\"widget\" data-widget_type=\"image.default\">\n\t\t\t\t<div class=\"elementor-widget-container\">\n\t\t\t\t\t\t\t\t\t\t\t\t\t\t\t<img loading=\"lazy\" decoding=\"async\" width=\"640\" height=\"541\" src=\"https:\/\/ara-france.fr\/wp-content\/uploads\/2022\/09\/oceane-1024x865.jpg\" class=\"attachment-large size-large\" alt=\"\" srcset=\"https:\/\/ara-france.fr\/wp-content\/uploads\/2022\/09\/oceane-1024x865.jpg 1024w, https:\/\/ara-france.fr\/wp-content\/uploads\/2022\/09\/oceane-scaled-600x507.jpg 600w, https:\/\/ara-france.fr\/wp-content\/uploads\/2022\/09\/oceane-300x253.jpg 300w, https:\/\/ara-france.fr\/wp-content\/uploads\/2022\/09\/oceane-768x649.jpg 768w, https:\/\/ara-france.fr\/wp-content\/uploads\/2022\/09\/oceane-1536x1297.jpg 1536w, https:\/\/ara-france.fr\/wp-content\/uploads\/2022\/09\/oceane-2048x1729.jpg 2048w\" sizes=\"auto, (max-width: 640px) 100vw, 640px\" \/>\t\t\t\t\t\t\t\t\t\t\t\t\t\t\t<\/div>\n\t\t\t\t<\/div>\n\t\t\t\t<div class=\"elementor-element elementor-element-89652d2 elementor-widget elementor-widget-tm-heading\" data-id=\"89652d2\" data-element_type=\"widget\" data-widget_type=\"tm-heading.default\">\n\t\t\t\t<div class=\"elementor-widget-container\">\n\t\t\t\t\t<div class=\"tm-modern-heading\">\n\t\t\t\n\t\t\t\t\t<div class=\"heading-primary-wrap\">\n\t\t\t<h2 class=\"heading-primary elementor-heading-title\"><mark>Reliures Oc\u00e9anes<\/mark><\/h2>\t\t<\/div>\n\t\t\n\t\t\t\n\t\t\t\t\t<\/div>\n\t\t\t\t<\/div>\n\t\t\t\t<\/div>\n\t\t\t\t<div class=\"elementor-element elementor-element-739b8ed elementor-widget elementor-widget-tm-heading\" data-id=\"739b8ed\" data-element_type=\"widget\" data-widget_type=\"tm-heading.default\">\n\t\t\t\t<div class=\"elementor-widget-container\">\n\t\t\t\t\t<div class=\"tm-modern-heading\">\n\t\t\t\n\t\t\t\t\t<div class=\"heading-primary-wrap\">\n\t\t\t<h2 class=\"heading-primary elementor-heading-title\">10\u20ac<\/h2>\t\t<\/div>\n\t\t\n\t\t\t\n\t\t\t\t\t<div class=\"heading-description-wrap\">\n\t\t\t<div class=\"heading-description\">\n\t\t\t\t<p>Cet hommage \u00e0 la mer est un nouveau t\u00e9moignage de l\u2019inventivit\u00e9 des artistes relieurs, toujours attentifs \u00e0 renouveler cet art majeur du livre en conjuguant savoir-faire traditionnel et cr\u00e9ation contemporaine.<\/p><p>2016 \u2013 Mairie du 6<sup>\u00e8me<\/sup>, Paris<\/p>\t\t\t<\/div>\n\t\t<\/div>\n\t\t\t<\/div>\n\t\t\t\t<\/div>\n\t\t\t\t<\/div>\n\t\t\t\t\t<\/div>\n\t\t<\/div>\n\t\t\t\t<div class=\"elementor-column elementor-col-33 elementor-inner-column elementor-element elementor-element-5af2bdf elementor-invisible\" data-id=\"5af2bdf\" data-element_type=\"column\" data-settings=\"{&quot;background_background&quot;:&quot;classic&quot;,&quot;animation&quot;:&quot;billyFadeInUp&quot;}\">\n\t\t\t<div class=\"elementor-widget-wrap elementor-element-populated\">\n\t\t\t\t\t\t\t\t<div class=\"elementor-element elementor-element-b128ee2 elementor-widget elementor-widget-image\" data-id=\"b128ee2\" data-element_type=\"widget\" data-widget_type=\"image.default\">\n\t\t\t\t<div class=\"elementor-widget-container\">\n\t\t\t\t\t\t\t\t\t\t\t\t\t\t\t<img loading=\"lazy\" decoding=\"async\" width=\"640\" height=\"549\" src=\"https:\/\/ara-france.fr\/wp-content\/uploads\/2022\/09\/paris-1024x878.jpg\" class=\"attachment-large size-large\" alt=\"\" srcset=\"https:\/\/ara-france.fr\/wp-content\/uploads\/2022\/09\/paris-1024x878.jpg 1024w, https:\/\/ara-france.fr\/wp-content\/uploads\/2022\/09\/paris-scaled-600x514.jpg 600w, https:\/\/ara-france.fr\/wp-content\/uploads\/2022\/09\/paris-300x257.jpg 300w, https:\/\/ara-france.fr\/wp-content\/uploads\/2022\/09\/paris-768x658.jpg 768w, https:\/\/ara-france.fr\/wp-content\/uploads\/2022\/09\/paris-1536x1316.jpg 1536w, https:\/\/ara-france.fr\/wp-content\/uploads\/2022\/09\/paris-2048x1755.jpg 2048w\" sizes=\"auto, (max-width: 640px) 100vw, 640px\" \/>\t\t\t\t\t\t\t\t\t\t\t\t\t\t\t<\/div>\n\t\t\t\t<\/div>\n\t\t\t\t<div class=\"elementor-element elementor-element-58b5649 elementor-widget elementor-widget-tm-heading\" data-id=\"58b5649\" data-element_type=\"widget\" data-widget_type=\"tm-heading.default\">\n\t\t\t\t<div class=\"elementor-widget-container\">\n\t\t\t\t\t<div class=\"tm-modern-heading\">\n\t\t\t\n\t\t\t\t\t<div class=\"heading-primary-wrap\">\n\t\t\t<h2 class=\"heading-primary elementor-heading-title\"><mark>Paris Reli\u00e9<\/mark><\/h2>\t\t<\/div>\n\t\t\n\t\t\t\n\t\t\t\t\t<\/div>\n\t\t\t\t<\/div>\n\t\t\t\t<\/div>\n\t\t\t\t<div class=\"elementor-element elementor-element-be950ed elementor-widget elementor-widget-tm-heading\" data-id=\"be950ed\" data-element_type=\"widget\" data-widget_type=\"tm-heading.default\">\n\t\t\t\t<div class=\"elementor-widget-container\">\n\t\t\t\t\t<div class=\"tm-modern-heading\">\n\t\t\t\n\t\t\t\t\t<div class=\"heading-primary-wrap\">\n\t\t\t<h2 class=\"heading-primary elementor-heading-title\">10\u20ac<\/h2>\t\t<\/div>\n\t\t\n\t\t\t\n\t\t\t\t\t<div class=\"heading-description-wrap\">\n\t\t\t<div class=\"heading-description\">\n\t\t\t\t<p>Paris a inspir\u00e9 de tr\u00e8s nombreux \u00e9crivains et po\u00e8tes, fascin\u00e9s par son histoire, son patrimoine, son rayonnement culturel et social. Les reliures expos\u00e9es sont autant d\u2019\u00e9crins exceptionnels cr\u00e9es par les membres d\u2019ARA pour parer ces textes m\u00e9morables de Paris et de ses habitants.<\/p><p>2013 \u2013 Mairie du 6<sup>\u00e8me<\/sup>, Paris<\/p>\t\t\t<\/div>\n\t\t<\/div>\n\t\t\t<\/div>\n\t\t\t\t<\/div>\n\t\t\t\t<\/div>\n\t\t\t\t\t<\/div>\n\t\t<\/div>\n\t\t\t\t<div class=\"elementor-column elementor-col-33 elementor-inner-column elementor-element elementor-element-ac5f795 elementor-invisible\" data-id=\"ac5f795\" data-element_type=\"column\" data-settings=\"{&quot;background_background&quot;:&quot;classic&quot;,&quot;animation&quot;:&quot;billyFadeInUp&quot;}\">\n\t\t\t<div class=\"elementor-widget-wrap elementor-element-populated\">\n\t\t\t\t\t\t\t\t<div class=\"elementor-element elementor-element-58087b2 elementor-widget elementor-widget-image\" data-id=\"58087b2\" data-element_type=\"widget\" data-widget_type=\"image.default\">\n\t\t\t\t<div class=\"elementor-widget-container\">\n\t\t\t\t\t\t\t\t\t\t\t\t\t\t\t<img loading=\"lazy\" decoding=\"async\" width=\"640\" height=\"919\" src=\"https:\/\/ara-france.fr\/wp-content\/uploads\/2022\/09\/suisse-713x1024.jpg\" class=\"attachment-large size-large\" alt=\"\" srcset=\"https:\/\/ara-france.fr\/wp-content\/uploads\/2022\/09\/suisse-713x1024.jpg 713w, https:\/\/ara-france.fr\/wp-content\/uploads\/2022\/09\/suisse-scaled-600x861.jpg 600w, https:\/\/ara-france.fr\/wp-content\/uploads\/2022\/09\/suisse-209x300.jpg 209w, https:\/\/ara-france.fr\/wp-content\/uploads\/2022\/09\/suisse-768x1103.jpg 768w, https:\/\/ara-france.fr\/wp-content\/uploads\/2022\/09\/suisse-1070x1536.jpg 1070w, https:\/\/ara-france.fr\/wp-content\/uploads\/2022\/09\/suisse-1426x2048.jpg 1426w, https:\/\/ara-france.fr\/wp-content\/uploads\/2022\/09\/suisse-scaled.jpg 1783w\" sizes=\"auto, (max-width: 640px) 100vw, 640px\" \/>\t\t\t\t\t\t\t\t\t\t\t\t\t\t\t<\/div>\n\t\t\t\t<\/div>\n\t\t\t\t<div class=\"elementor-element elementor-element-1508d31 elementor-widget elementor-widget-tm-heading\" data-id=\"1508d31\" data-element_type=\"widget\" data-widget_type=\"tm-heading.default\">\n\t\t\t\t<div class=\"elementor-widget-container\">\n\t\t\t\t\t<div class=\"tm-modern-heading\">\n\t\t\t\n\t\t\t\t\t<div class=\"heading-primary-wrap\">\n\t\t\t<h2 class=\"heading-primary elementor-heading-title\"><mark>25 ans ARA Suisse<\/mark><\/h2>\t\t<\/div>\n\t\t\n\t\t\t\n\t\t\t\t\t<\/div>\n\t\t\t\t<\/div>\n\t\t\t\t<\/div>\n\t\t\t\t<div class=\"elementor-element elementor-element-5005f2c elementor-widget elementor-widget-tm-heading\" data-id=\"5005f2c\" data-element_type=\"widget\" data-widget_type=\"tm-heading.default\">\n\t\t\t\t<div class=\"elementor-widget-container\">\n\t\t\t\t\t<div class=\"tm-modern-heading\">\n\t\t\t\n\t\t\t\t\t<div class=\"heading-primary-wrap\">\n\t\t\t<h2 class=\"heading-primary elementor-heading-title\">10\u20ac<\/h2>\t\t<\/div>\n\t\t\n\t\t\t\n\t\t\t\t\t<div class=\"heading-description-wrap\">\n\t\t\t<div class=\"heading-description\">\n\t\t\t\t<p>\u00ab\u00a0Exposition-concours\u00a0\u00bb organis\u00e9e pour f\u00eater les 25 ans d\u2019ARA Suisse.<\/p><p>2012 \u2013 Ch\u00e2teau d\u2019Aigle, Suisse<\/p>\t\t\t<\/div>\n\t\t<\/div>\n\t\t\t<\/div>\n\t\t\t\t<\/div>\n\t\t\t\t<\/div>\n\t\t\t\t\t<\/div>\n\t\t<\/div>\n\t\t\t\t\t\t\t<\/div>\n\t\t<\/section>\n\t\t\t\t\t<\/div>\n\t\t<\/div>\n\t\t\t\t\t\t\t<\/div>\n\t\t<\/section>\n\t\t\t\t<section class=\"elementor-section elementor-top-section elementor-element elementor-element-9b4e2b5 elementor-section-boxed elementor-section-gap-beside-yes elementor-section-height-default elementor-section-height-default elementor-section-column-vertical-align-stretch\" data-id=\"9b4e2b5\" data-element_type=\"section\">\n\t\t\t\t\t\t<div class=\"elementor-container elementor-column-gap-extended\">\n\t\t\t\t\t<div class=\"elementor-column elementor-col-100 elementor-top-column elementor-element elementor-element-d94c8eb\" data-id=\"d94c8eb\" data-element_type=\"column\">\n\t\t\t<div class=\"elementor-widget-wrap elementor-element-populated\">\n\t\t\t\t\t\t\t\t<section class=\"elementor-section elementor-inner-section elementor-element elementor-element-a56bbdb elementor-section-gap-beside-no elementor-section-column-vertical-align-top elementor-section-boxed elementor-section-height-default elementor-section-height-default\" data-id=\"a56bbdb\" data-element_type=\"section\">\n\t\t\t\t\t\t<div class=\"elementor-container elementor-column-gap-extended\">\n\t\t\t\t\t<div class=\"elementor-column elementor-col-33 elementor-inner-column elementor-element elementor-element-3a2ba50 elementor-invisible\" data-id=\"3a2ba50\" data-element_type=\"column\" data-settings=\"{&quot;background_background&quot;:&quot;classic&quot;,&quot;animation&quot;:&quot;billyFadeInUp&quot;}\">\n\t\t\t<div class=\"elementor-widget-wrap elementor-element-populated\">\n\t\t\t\t\t\t\t\t<div class=\"elementor-element elementor-element-4e07e57 elementor-widget elementor-widget-image\" data-id=\"4e07e57\" data-element_type=\"widget\" data-widget_type=\"image.default\">\n\t\t\t\t<div class=\"elementor-widget-container\">\n\t\t\t\t\t\t\t\t\t\t\t\t\t\t\t<img loading=\"lazy\" decoding=\"async\" width=\"640\" height=\"849\" src=\"https:\/\/ara-france.fr\/wp-content\/uploads\/2022\/09\/cuisine-772x1024.jpg\" class=\"attachment-large size-large\" alt=\"\" srcset=\"https:\/\/ara-france.fr\/wp-content\/uploads\/2022\/09\/cuisine-772x1024.jpg 772w, https:\/\/ara-france.fr\/wp-content\/uploads\/2022\/09\/cuisine-scaled-600x796.jpg 600w, https:\/\/ara-france.fr\/wp-content\/uploads\/2022\/09\/cuisine-226x300.jpg 226w, https:\/\/ara-france.fr\/wp-content\/uploads\/2022\/09\/cuisine-768x1018.jpg 768w, https:\/\/ara-france.fr\/wp-content\/uploads\/2022\/09\/cuisine-1158x1536.jpg 1158w, https:\/\/ara-france.fr\/wp-content\/uploads\/2022\/09\/cuisine-1544x2048.jpg 1544w, https:\/\/ara-france.fr\/wp-content\/uploads\/2022\/09\/cuisine-scaled.jpg 1930w\" sizes=\"auto, (max-width: 640px) 100vw, 640px\" \/>\t\t\t\t\t\t\t\t\t\t\t\t\t\t\t<\/div>\n\t\t\t\t<\/div>\n\t\t\t\t<div class=\"elementor-element elementor-element-8c9e5ba elementor-widget elementor-widget-tm-heading\" data-id=\"8c9e5ba\" data-element_type=\"widget\" data-widget_type=\"tm-heading.default\">\n\t\t\t\t<div class=\"elementor-widget-container\">\n\t\t\t\t\t<div class=\"tm-modern-heading\">\n\t\t\t\n\t\t\t\t\t<div class=\"heading-primary-wrap\">\n\t\t\t<h2 class=\"heading-primary elementor-heading-title\"><mark>Reliures gourmandes<\/mark><\/h2>\t\t<\/div>\n\t\t\n\t\t\t\n\t\t\t\t\t<\/div>\n\t\t\t\t<\/div>\n\t\t\t\t<\/div>\n\t\t\t\t<div class=\"elementor-element elementor-element-6316d0c elementor-widget elementor-widget-tm-heading\" data-id=\"6316d0c\" data-element_type=\"widget\" data-widget_type=\"tm-heading.default\">\n\t\t\t\t<div class=\"elementor-widget-container\">\n\t\t\t\t\t<div class=\"tm-modern-heading\">\n\t\t\t\n\t\t\t\t\t<div class=\"heading-primary-wrap\">\n\t\t\t<h2 class=\"heading-primary elementor-heading-title\">10\u20ac<\/h2>\t\t<\/div>\n\t\t\n\t\t\t\n\t\t\t\t\t<div class=\"heading-description-wrap\">\n\t\t\t<div class=\"heading-description\">\n\t\t\t\t<p>A l\u2019Arsenal de Metz, les relieurs ont dress\u00e9 le couvert\u00a0: la litt\u00e9rature gourmande fait l\u2019objet de collections aupr\u00e8s de bibliophiles et de biblioth\u00e8ques poss\u00e9dant des fonds consacr\u00e9s \u00e0 l\u2019art culinaire, l\u2019\u0153nologie ou les arts de la table. Reliures Gourmandes est le r\u00e9sultat savoureux de cette cuisine savante, imaginative et parfois inattendue.<\/p><p>2009 \u2013 Arsenal de Metz, France<\/p>\t\t\t<\/div>\n\t\t<\/div>\n\t\t\t<\/div>\n\t\t\t\t<\/div>\n\t\t\t\t<\/div>\n\t\t\t\t\t<\/div>\n\t\t<\/div>\n\t\t\t\t<div class=\"elementor-column elementor-col-33 elementor-inner-column elementor-element elementor-element-8c3fdb4 elementor-invisible\" data-id=\"8c3fdb4\" data-element_type=\"column\" data-settings=\"{&quot;background_background&quot;:&quot;classic&quot;,&quot;animation&quot;:&quot;billyFadeInUp&quot;}\">\n\t\t\t<div class=\"elementor-widget-wrap elementor-element-populated\">\n\t\t\t\t\t\t\t\t<div class=\"elementor-element elementor-element-050a2a0 elementor-widget elementor-widget-image\" data-id=\"050a2a0\" data-element_type=\"widget\" data-widget_type=\"image.default\">\n\t\t\t\t<div class=\"elementor-widget-container\">\n\t\t\t\t\t\t\t\t\t\t\t\t\t\t\t<img loading=\"lazy\" decoding=\"async\" width=\"640\" height=\"900\" src=\"https:\/\/ara-france.fr\/wp-content\/uploads\/2022\/09\/mallarme-728x1024.jpg\" class=\"attachment-large size-large\" alt=\"\" srcset=\"https:\/\/ara-france.fr\/wp-content\/uploads\/2022\/09\/mallarme-728x1024.jpg 728w, https:\/\/ara-france.fr\/wp-content\/uploads\/2022\/09\/mallarme-scaled-600x844.jpg 600w, https:\/\/ara-france.fr\/wp-content\/uploads\/2022\/09\/mallarme-213x300.jpg 213w, https:\/\/ara-france.fr\/wp-content\/uploads\/2022\/09\/mallarme-768x1080.jpg 768w, https:\/\/ara-france.fr\/wp-content\/uploads\/2022\/09\/mallarme-1092x1536.jpg 1092w, https:\/\/ara-france.fr\/wp-content\/uploads\/2022\/09\/mallarme-1456x2048.jpg 1456w, https:\/\/ara-france.fr\/wp-content\/uploads\/2022\/09\/mallarme-scaled.jpg 1820w\" sizes=\"auto, (max-width: 640px) 100vw, 640px\" \/>\t\t\t\t\t\t\t\t\t\t\t\t\t\t\t<\/div>\n\t\t\t\t<\/div>\n\t\t\t\t<div class=\"elementor-element elementor-element-ed20981 elementor-widget elementor-widget-tm-heading\" data-id=\"ed20981\" data-element_type=\"widget\" data-widget_type=\"tm-heading.default\">\n\t\t\t\t<div class=\"elementor-widget-container\">\n\t\t\t\t\t<div class=\"tm-modern-heading\">\n\t\t\t\n\t\t\t\t\t<div class=\"heading-primary-wrap\">\n\t\t\t<h2 class=\"heading-primary elementor-heading-title\"><mark>Autour de Mallarm\u00e9<\/mark><\/h2>\t\t<\/div>\n\t\t\n\t\t\t\n\t\t\t\t\t<\/div>\n\t\t\t\t<\/div>\n\t\t\t\t<\/div>\n\t\t\t\t<div class=\"elementor-element elementor-element-b6ab15a elementor-widget elementor-widget-tm-heading\" data-id=\"b6ab15a\" data-element_type=\"widget\" data-widget_type=\"tm-heading.default\">\n\t\t\t\t<div class=\"elementor-widget-container\">\n\t\t\t\t\t<div class=\"tm-modern-heading\">\n\t\t\t\n\t\t\t\t\t<div class=\"heading-primary-wrap\">\n\t\t\t<h2 class=\"heading-primary elementor-heading-title\">10\u20ac<\/h2>\t\t<\/div>\n\t\t\n\t\t\t\n\t\t\t\t\t<div class=\"heading-description-wrap\">\n\t\t\t<div class=\"heading-description\">\n\t\t\t\t<p>Quand \u00ab\u00a0po\u00e9sie pure et subjective\u00a0\u00bb cohabite avec des reliures originales et sensibles traduisant le \u00ab\u00a0symbolisme herm\u00e9tique\u00a0\u00bb de l\u2019\u0153uvre de Mallarm\u00e9.<\/p><p>2008 \u2013 Mus\u00e9e St\u00e9phane Mallarm\u00e9, Vulaines-sur-Seine<\/p>\t\t\t<\/div>\n\t\t<\/div>\n\t\t\t<\/div>\n\t\t\t\t<\/div>\n\t\t\t\t<\/div>\n\t\t\t\t\t<\/div>\n\t\t<\/div>\n\t\t\t\t<div class=\"elementor-column elementor-col-33 elementor-inner-column elementor-element elementor-element-b51de0a elementor-invisible\" data-id=\"b51de0a\" data-element_type=\"column\" data-settings=\"{&quot;background_background&quot;:&quot;classic&quot;,&quot;animation&quot;:&quot;billyFadeInUp&quot;}\">\n\t\t\t<div class=\"elementor-widget-wrap elementor-element-populated\">\n\t\t\t\t\t\t\t\t<div class=\"elementor-element elementor-element-adbc5fa elementor-widget elementor-widget-image\" data-id=\"adbc5fa\" data-element_type=\"widget\" data-widget_type=\"image.default\">\n\t\t\t\t<div class=\"elementor-widget-container\">\n\t\t\t\t\t\t\t\t\t\t\t\t\t\t\t<img loading=\"lazy\" decoding=\"async\" width=\"640\" height=\"827\" src=\"https:\/\/ara-france.fr\/wp-content\/uploads\/2022\/09\/suisse2007-792x1024.jpg\" class=\"attachment-large size-large\" alt=\"\" srcset=\"https:\/\/ara-france.fr\/wp-content\/uploads\/2022\/09\/suisse2007-792x1024.jpg 792w, https:\/\/ara-france.fr\/wp-content\/uploads\/2022\/09\/suisse2007-scaled-600x776.jpg 600w, https:\/\/ara-france.fr\/wp-content\/uploads\/2022\/09\/suisse2007-232x300.jpg 232w, https:\/\/ara-france.fr\/wp-content\/uploads\/2022\/09\/suisse2007-768x994.jpg 768w, https:\/\/ara-france.fr\/wp-content\/uploads\/2022\/09\/suisse2007-1187x1536.jpg 1187w, https:\/\/ara-france.fr\/wp-content\/uploads\/2022\/09\/suisse2007-1583x2048.jpg 1583w, https:\/\/ara-france.fr\/wp-content\/uploads\/2022\/09\/suisse2007-scaled.jpg 1979w\" sizes=\"auto, (max-width: 640px) 100vw, 640px\" \/>\t\t\t\t\t\t\t\t\t\t\t\t\t\t\t<\/div>\n\t\t\t\t<\/div>\n\t\t\t\t<div class=\"elementor-element elementor-element-3c0a935 elementor-widget elementor-widget-tm-heading\" data-id=\"3c0a935\" data-element_type=\"widget\" data-widget_type=\"tm-heading.default\">\n\t\t\t\t<div class=\"elementor-widget-container\">\n\t\t\t\t\t<div class=\"tm-modern-heading\">\n\t\t\t\n\t\t\t\t\t<div class=\"heading-primary-wrap\">\n\t\t\t<h2 class=\"heading-primary elementor-heading-title\"><mark>IX FIRA<\/mark><\/h2>\t\t<\/div>\n\t\t\n\t\t\t\n\t\t\t\t\t<\/div>\n\t\t\t\t<\/div>\n\t\t\t\t<\/div>\n\t\t\t\t<div class=\"elementor-element elementor-element-56608d9 elementor-widget elementor-widget-tm-heading\" data-id=\"56608d9\" data-element_type=\"widget\" data-widget_type=\"tm-heading.default\">\n\t\t\t\t<div class=\"elementor-widget-container\">\n\t\t\t\t\t<div class=\"tm-modern-heading\">\n\t\t\t\n\t\t\t\t\t<div class=\"heading-primary-wrap\">\n\t\t\t<h2 class=\"heading-primary elementor-heading-title\">10\u20ac<\/h2>\t\t<\/div>\n\t\t\n\t\t\t\n\t\t\t\t\t<div class=\"heading-description-wrap\">\n\t\t\t<div class=\"heading-description\">\n\t\t\t\t<p>L\u2019exposition du IX\u00e8me FIRA, fruit de l\u2019\u00e9troite collaboration entre ARA Suisse et ARA France est une invitation \u00e0 d\u00e9couvrir cet art \u00e0 part enti\u00e8re qu\u2019est la reliure de cr\u00e9ation contemporaine.<\/p><p>2007 \u2013 Fribourg, Suisse<\/p>\t\t\t<\/div>\n\t\t<\/div>\n\t\t\t<\/div>\n\t\t\t\t<\/div>\n\t\t\t\t<\/div>\n\t\t\t\t\t<\/div>\n\t\t<\/div>\n\t\t\t\t\t\t\t<\/div>\n\t\t<\/section>\n\t\t\t\t\t<\/div>\n\t\t<\/div>\n\t\t\t\t\t\t\t<\/div>\n\t\t<\/section>\n\t\t\t\t<section class=\"elementor-section elementor-top-section elementor-element elementor-element-983b5b3 elementor-section-boxed elementor-section-gap-beside-yes elementor-section-height-default elementor-section-height-default elementor-section-column-vertical-align-stretch\" data-id=\"983b5b3\" data-element_type=\"section\">\n\t\t\t\t\t\t<div class=\"elementor-container elementor-column-gap-extended\">\n\t\t\t\t\t<div class=\"elementor-column elementor-col-33 elementor-top-column elementor-element elementor-element-95fe7da\" data-id=\"95fe7da\" data-element_type=\"column\">\n\t\t\t<div class=\"elementor-widget-wrap elementor-element-populated\">\n\t\t\t\t\t\t\t\t<section class=\"elementor-section elementor-inner-section elementor-element elementor-element-aa54f6b elementor-section-gap-beside-no elementor-section-column-vertical-align-top elementor-section-boxed elementor-section-height-default elementor-section-height-default\" data-id=\"aa54f6b\" data-element_type=\"section\">\n\t\t\t\t\t\t<div class=\"elementor-container elementor-column-gap-extended\">\n\t\t\t\t\t<div class=\"elementor-column elementor-col-100 elementor-inner-column elementor-element elementor-element-3679fa5 elementor-invisible\" data-id=\"3679fa5\" data-element_type=\"column\" data-settings=\"{&quot;background_background&quot;:&quot;classic&quot;,&quot;animation&quot;:&quot;billyFadeInUp&quot;}\">\n\t\t\t<div class=\"elementor-widget-wrap elementor-element-populated\">\n\t\t\t\t\t\t\t\t<div class=\"elementor-element elementor-element-da92858 elementor-widget elementor-widget-image\" data-id=\"da92858\" data-element_type=\"widget\" data-widget_type=\"image.default\">\n\t\t\t\t<div class=\"elementor-widget-container\">\n\t\t\t\t\t\t\t\t\t\t\t\t\t\t\t<img loading=\"lazy\" decoding=\"async\" width=\"640\" height=\"606\" src=\"https:\/\/ara-france.fr\/wp-content\/uploads\/2022\/09\/monde-1024x969.jpg\" class=\"attachment-large size-large\" alt=\"\" srcset=\"https:\/\/ara-france.fr\/wp-content\/uploads\/2022\/09\/monde-1024x969.jpg 1024w, https:\/\/ara-france.fr\/wp-content\/uploads\/2022\/09\/monde-scaled-600x568.jpg 600w, https:\/\/ara-france.fr\/wp-content\/uploads\/2022\/09\/monde-300x284.jpg 300w, https:\/\/ara-france.fr\/wp-content\/uploads\/2022\/09\/monde-768x727.jpg 768w, https:\/\/ara-france.fr\/wp-content\/uploads\/2022\/09\/monde-1536x1454.jpg 1536w, https:\/\/ara-france.fr\/wp-content\/uploads\/2022\/09\/monde-2048x1939.jpg 2048w\" sizes=\"auto, (max-width: 640px) 100vw, 640px\" \/>\t\t\t\t\t\t\t\t\t\t\t\t\t\t\t<\/div>\n\t\t\t\t<\/div>\n\t\t\t\t<div class=\"elementor-element elementor-element-fbac0c1 elementor-widget elementor-widget-tm-heading\" data-id=\"fbac0c1\" data-element_type=\"widget\" data-widget_type=\"tm-heading.default\">\n\t\t\t\t<div class=\"elementor-widget-container\">\n\t\t\t\t\t<div class=\"tm-modern-heading\">\n\t\t\t\n\t\t\t\t\t<div class=\"heading-primary-wrap\">\n\t\t\t<h2 class=\"heading-primary elementor-heading-title\"><mark>Reliures du Monde \u2013 Limoges<\/mark><\/h2>\t\t<\/div>\n\t\t\n\t\t\t\n\t\t\t\t\t<\/div>\n\t\t\t\t<\/div>\n\t\t\t\t<\/div>\n\t\t\t\t<div class=\"elementor-element elementor-element-56814e9 elementor-widget elementor-widget-tm-heading\" data-id=\"56814e9\" data-element_type=\"widget\" data-widget_type=\"tm-heading.default\">\n\t\t\t\t<div class=\"elementor-widget-container\">\n\t\t\t\t\t<div class=\"tm-modern-heading\">\n\t\t\t\n\t\t\t\t\t<div class=\"heading-primary-wrap\">\n\t\t\t<h2 class=\"heading-primary elementor-heading-title\">Epuis\u00e9<\/h2>\t\t<\/div>\n\t\t\n\t\t\t\n\t\t\t\t\t<div class=\"heading-description-wrap\">\n\t\t\t<div class=\"heading-description\">\n\t\t\t\t<p>Pour la plupart d\u2019entre nous, le livre est avant tout une \u0153uvre de l\u2019esprit. En proposant l\u2019exposition \u00ab\u00a0Reliures du Monde\u00a0\u00bb, la Ville de Limoges et ARA International ont voulu rappeler qu\u2019il peut \u00e9galement \u00eatre un objet d\u2019art.<\/p><p>2005 \u2013 Limoges, France<\/p>\t\t\t<\/div>\n\t\t<\/div>\n\t\t\t<\/div>\n\t\t\t\t<\/div>\n\t\t\t\t<\/div>\n\t\t\t\t\t<\/div>\n\t\t<\/div>\n\t\t\t\t\t\t\t<\/div>\n\t\t<\/section>\n\t\t\t\t\t<\/div>\n\t\t<\/div>\n\t\t\t\t<div class=\"elementor-column elementor-col-33 elementor-top-column elementor-element elementor-element-ee16a49\" data-id=\"ee16a49\" data-element_type=\"column\">\n\t\t\t<div class=\"elementor-widget-wrap\">\n\t\t\t\t\t\t\t\t\t<\/div>\n\t\t<\/div>\n\t\t\t\t<div class=\"elementor-column elementor-col-33 elementor-top-column elementor-element elementor-element-7db5f6b\" data-id=\"7db5f6b\" data-element_type=\"column\">\n\t\t\t<div class=\"elementor-widget-wrap\">\n\t\t\t\t\t\t\t\t\t<\/div>\n\t\t<\/div>\n\t\t\t\t\t\t\t<\/div>\n\t\t<\/section>\n\t\t\t\t<section class=\"elementor-section elementor-top-section elementor-element elementor-element-4e52144 elementor-section-boxed elementor-section-gap-beside-yes elementor-section-height-default elementor-section-height-default elementor-section-column-vertical-align-stretch\" data-id=\"4e52144\" data-element_type=\"section\">\n\t\t\t\t\t\t<div class=\"elementor-container elementor-column-gap-extended\">\n\t\t\t\t\t<div class=\"elementor-column elementor-col-100 elementor-top-column elementor-element elementor-element-ea40054\" data-id=\"ea40054\" data-element_type=\"column\">\n\t\t\t<div class=\"elementor-widget-wrap\">\n\t\t\t\t\t\t\t\t\t<\/div>\n\t\t<\/div>\n\t\t\t\t\t\t\t<\/div>\n\t\t<\/section>\n\t\t\t\t<section class=\"elementor-section elementor-top-section elementor-element elementor-element-c00a437 elementor-section-boxed elementor-section-gap-beside-yes elementor-section-height-default elementor-section-height-default elementor-section-column-vertical-align-stretch\" data-id=\"c00a437\" data-element_type=\"section\">\n\t\t\t\t\t\t<div class=\"elementor-container elementor-column-gap-extended\">\n\t\t\t\t\t<div class=\"elementor-column elementor-col-100 elementor-top-column elementor-element elementor-element-3b98af1\" data-id=\"3b98af1\" data-element_type=\"column\">\n\t\t\t<div class=\"elementor-widget-wrap elementor-element-populated\">\n\t\t\t\t\t\t\t\t<div class=\"elementor-element elementor-element-fcaaf62 elementor-align-center elementor-widget elementor-widget-tm-button\" data-id=\"fcaaf62\" data-element_type=\"widget\" data-widget_type=\"tm-button.default\">\n\t\t\t\t<div class=\"elementor-widget-container\">\n\t\t\t\t\t<div class=\"tm-button-wrapper\">\n\t\t\t<a href=\"http:\/\/ara-france.fr\/?page_id=8968\" class=\"tm-button-link tm-button style-text tm-button-nm icon-\" role=\"button\">\n\t\t\t\t\t\t<div class=\"button-content-wrapper\">\n\t\t\t\n\t\t\t\t\t\t\t<span class=\"button-text\">Conditions g\u00e9n\u00e9rales de vente<\/span>\n\t\t\t\n\t\t\t\t\t<\/div>\n\t\t\n\t\t\t\t\t\t\t<\/a>\n\t\t<\/div>\n\t\t\t\t<\/div>\n\t\t\t\t<\/div>\n\t\t\t\t\t<\/div>\n\t\t<\/div>\n\t\t\t\t\t\t\t<\/div>\n\t\t<\/section>\n\t\t\t\t<section class=\"elementor-section elementor-top-section elementor-element elementor-element-d051918 elementor-section-boxed elementor-section-gap-beside-yes elementor-section-height-default elementor-section-height-default elementor-section-column-vertical-align-stretch\" data-id=\"d051918\" data-element_type=\"section\">\n\t\t\t\t\t\t<div class=\"elementor-container elementor-column-gap-extended\">\n\t\t\t\t\t<div class=\"elementor-column elementor-col-100 elementor-top-column elementor-element elementor-element-5c2b3e0\" data-id=\"5c2b3e0\" data-element_type=\"column\">\n\t\t\t<div class=\"elementor-widget-wrap elementor-element-populated\">\n\t\t\t\t\t\t\t\t<div class=\"elementor-element elementor-element-bc99430 elementor-widget elementor-widget-spacer\" data-id=\"bc99430\" data-element_type=\"widget\" data-widget_type=\"spacer.default\">\n\t\t\t\t<div class=\"elementor-widget-container\">\n\t\t\t\t\t<div class=\"elementor-spacer\">\n\t\t\t<div class=\"elementor-spacer-inner\"><\/div>\n\t\t<\/div>\n\t\t\t\t<\/div>\n\t\t\t\t<\/div>\n\t\t\t\t\t<\/div>\n\t\t<\/div>\n\t\t\t\t\t\t\t<\/div>\n\t\t<\/section>\n\t\t\t\t\t\t\t<\/div>\n\t\t","protected":false},"excerpt":{"rendered":"<p>Pour commander nos catalogues d\u2019expositions, envoyez un mail \u00e0 contact@ara-france.fr France : paiement par virement bancaire de pr\u00e9f\u00e9rence ou par ch\u00e8que bancaire | Frais de port 15 eurosInternational : paiement par virement bancaireuniquement | Frais de port 20 euros Contes &#038; L\u00e9gendes 20\u20ac \u00a0 2026 \u2013 Mairie du 6\u00e8me, Paris Livres en mains &#8211; Petits formats reli\u00e9s Epuis\u00e9 \u00a0 2023 \u2013 Mairie du 6\u00e8me, Paris Hommage aux \u00e9crivains de la Grande Guerre 10\u20ac La Grande Guerre a profond\u00e9ment marqu\u00e9 toute une g\u00e9n\u00e9ration d\u2019intellectuels, d\u2019\u00e9crivains et d\u2019artistes. En 2018, pour comm\u00e9morer leur souvenir, ARA a souhait\u00e9 s\u2019associer aux c\u00e9l\u00e9brations du centenaire de la Premi\u00e8re Guerre Mondiale. L\u2019exposition est une invitation \u00e0 red\u00e9couvrir les auteurs et les chefs-d\u2019\u0153uvre de la litt\u00e9rature de cette p\u00e9riode. 2019 \u2013 Mairie du 6\u00e8me, Paris Reliures Oc\u00e9anes 10\u20ac Cet hommage \u00e0 la mer est un nouveau t\u00e9moignage de l\u2019inventivit\u00e9 des artistes relieurs, toujours attentifs \u00e0 renouveler cet art majeur du livre en conjuguant savoir-faire traditionnel et cr\u00e9ation contemporaine. 2016 \u2013 Mairie du 6\u00e8me, Paris Paris Reli\u00e9 10\u20ac Paris a inspir\u00e9 de tr\u00e8s nombreux \u00e9crivains et po\u00e8tes, fascin\u00e9s par son histoire, son patrimoine, son rayonnement culturel et social. Les reliures expos\u00e9es sont autant d\u2019\u00e9crins exceptionnels cr\u00e9es par les membres d\u2019ARA pour parer ces textes m\u00e9morables de Paris et de ses habitants. 2013 \u2013 Mairie du 6\u00e8me, Paris 25 ans ARA Suisse 10\u20ac \u00ab\u00a0Exposition-concours\u00a0\u00bb organis\u00e9e pour f\u00eater les 25 ans d\u2019ARA Suisse. 2012 \u2013 Ch\u00e2teau d\u2019Aigle, Suisse Reliures gourmandes 10\u20ac A l\u2019Arsenal de Metz, les relieurs ont dress\u00e9 le couvert\u00a0: la litt\u00e9rature gourmande fait l\u2019objet de collections aupr\u00e8s de bibliophiles et de biblioth\u00e8ques poss\u00e9dant des fonds consacr\u00e9s \u00e0 l\u2019art culinaire, l\u2019\u0153nologie ou les arts de la table. Reliures Gourmandes est le r\u00e9sultat savoureux de cette cuisine savante, imaginative et parfois inattendue. 2009 \u2013 Arsenal de Metz, France Autour de Mallarm\u00e9 10\u20ac Quand \u00ab\u00a0po\u00e9sie pure et subjective\u00a0\u00bb cohabite avec des reliures originales et sensibles traduisant le \u00ab\u00a0symbolisme herm\u00e9tique\u00a0\u00bb de l\u2019\u0153uvre de Mallarm\u00e9. 2008 \u2013 Mus\u00e9e St\u00e9phane Mallarm\u00e9, Vulaines-sur-Seine IX FIRA 10\u20ac L\u2019exposition du IX\u00e8me FIRA, fruit de l\u2019\u00e9troite collaboration entre ARA Suisse et ARA France est une invitation \u00e0 d\u00e9couvrir cet art \u00e0 part enti\u00e8re qu\u2019est la reliure de cr\u00e9ation contemporaine. 2007 \u2013 Fribourg, Suisse Reliures du Monde \u2013 Limoges Epuis\u00e9 Pour la plupart d\u2019entre nous, le livre est avant tout une \u0153uvre de l\u2019esprit. En proposant l\u2019exposition \u00ab\u00a0Reliures du Monde\u00a0\u00bb, la Ville de Limoges et ARA International ont voulu rappeler qu\u2019il peut \u00e9galement \u00eatre un objet d\u2019art. 2005 \u2013 Limoges, France Conditions g\u00e9n\u00e9rales de vente<\/p>\n","protected":false},"author":1,"featured_media":0,"parent":0,"menu_order":0,"comment_status":"closed","ping_status":"closed","template":"","meta":{"footnotes":""},"class_list":["post-7827","page","type-page","status-publish","hentry","post-no-thumbnail"],"_links":{"self":[{"href":"https:\/\/ara-france.fr\/index.php?rest_route=\/wp\/v2\/pages\/7827","targetHints":{"allow":["GET"]}}],"collection":[{"href":"https:\/\/ara-france.fr\/index.php?rest_route=\/wp\/v2\/pages"}],"about":[{"href":"https:\/\/ara-france.fr\/index.php?rest_route=\/wp\/v2\/types\/page"}],"author":[{"embeddable":true,"href":"https:\/\/ara-france.fr\/index.php?rest_route=\/wp\/v2\/users\/1"}],"replies":[{"embeddable":true,"href":"https:\/\/ara-france.fr\/index.php?rest_route=%2Fwp%2Fv2%2Fcomments&post=7827"}],"version-history":[{"count":100,"href":"https:\/\/ara-france.fr\/index.php?rest_route=\/wp\/v2\/pages\/7827\/revisions"}],"predecessor-version":[{"id":9160,"href":"https:\/\/ara-france.fr\/index.php?rest_route=\/wp\/v2\/pages\/7827\/revisions\/9160"}],"wp:attachment":[{"href":"https:\/\/ara-france.fr\/index.php?rest_route=%2Fwp%2Fv2%2Fmedia&parent=7827"}],"curies":[{"name":"wp","href":"https:\/\/api.w.org\/{rel}","templated":true}]}}